{"id":29,"date":"2015-07-05T05:39:41","date_gmt":"2015-07-05T05:39:41","guid":{"rendered":"http:\/\/fsil.fi\/fybil\/?page_id=29"},"modified":"2015-07-05T05:39:41","modified_gmt":"2015-07-05T05:39:41","slug":"volume-21","status":"publish","type":"page","link":"http:\/\/fsil.fi\/fybil\/volume-21\/","title":{"rendered":"Volume 21 (2010)"},"content":{"rendered":"<div class=\"entry-content\">\n<h3>Symposium: The International Criminal Court and the Responsibility to Protect<\/h3>\n<p><strong>Pekka Niemel\u00e4<\/strong><br \/>\nThe International Criminal Court and the Responsibility to Protect: Synergies and Tensions | 1<\/p>\n<p><strong>David Chandler<\/strong><br \/>\nBorn Posthumously: Rethinking the Shared Characteristics of the ICC and R2P | 5<\/p>\n<p><strong>P\u00e4ivi Kaukoranta<\/strong><br \/>\nFinnish Perspectives on the ICC and R2P | 15<\/p>\n<p><strong>Fr\u00e9d\u00e9ric M\u00e9gret<\/strong><br \/>\nICC, R2P, and the International Community\u2019s Evolving Interventionist Toolkit | 21<\/p>\n<p><strong>Sarah M. H. Nouwen<\/strong><br \/>\nComplementarity in Practice: Critical Lessons from the ICC for R2P | 53<\/p>\n<p><strong>Anne Orford<\/strong><br \/>\nFrom Promise to Practice? The Legal Significance of the Responsibility to Protect Concept | 65<\/p>\n<p><strong>Kofi Quashigah<\/strong><br \/>\nThe Future of the International Criminal Court in African Crisis and Its Relationship with the R2P Project | 89<\/p>\n<p><strong>Benjamin N. Schiff<\/strong><br \/>\nLessons from the ICC for ICC\/R2P Convergence | 101<\/p>\n<h3>Debate: The Law of the Common: Globalization, Property and New Horizons of Liberation<\/h3>\n<p><strong>John D. Haskell &amp; Paavo Kotiaho<\/strong><br \/>\nIntroductory Note | 109<\/p>\n<p><strong>Gunther Teubner<\/strong><br \/>\nSocietal Constitutionalism and the Politics of the Common | 111<\/p>\n<p><strong>Antonio Negri<\/strong><br \/>\nThe Law of the Common | 125<\/p>\n<h3>Articles<\/h3>\n<p><strong>George Rodrigo Bandeira Galindo<\/strong><br \/>\nConstitutionalism Forever | 137<\/p>\n<p><strong>Dorota A. Gozdecka<\/strong><br \/>\nHuman Rights, Fundamental Rights and the Common Constitutional Traditions in the Protection of Religious Pluralism and Diversity in Europe \u2013 A Study in the Democratic Paradox | 171<\/p>\n<p><strong>Robert Knox<\/strong><br \/>\nStrategy and Tactics | 193<\/p>\n<p><strong>Pamela Slotte<\/strong><br \/>\nThe Religious and the Secular in European Human Rights Discourse | 231<\/p>\n<p><strong>Stellan Vinthagen<\/strong><br \/>\nLegal Mobilization and Resistance Movements as Social Constituents of International Law | 287<\/p>\n<h3>Book Reviews &amp; Review Essays<\/h3>\n<p><strong>Daniel Janse<\/strong><br \/>\nOlivier Corten, <em>The Law against War: The Prohibition on the Use of Force in Contemporary International Law<\/em> | 331<\/p>\n<p><strong>Jan Klabbers<\/strong><br \/>\nCharles Leben, <em>The Advancement of International Law<\/em> | 343<\/p>\n<p><strong>William Schabas<\/strong><br \/>\nDavid Nersessian, <em>Genocide and Political Groups<\/em> | 345<\/p>\n<h3>New Finnish Doctoral Dissertations in International Law<\/h3>\n<p><strong>Eeva Nyk\u00e4nen<\/strong><br \/>\nFragmented State Power and Forced Migration: Study on Non-State Actors in Refuge Law | 353<\/p>\n<p>Statement by <strong>Jan Vedsted-Hansen<\/strong> | 357<\/p>\n<p><strong>Ren\u00e9 Urue\u00f1a<\/strong><br \/>\nNo Citizens Here: Global Subjects and Participation in International Law | 362<\/p>\n<p>Statement by <strong>Wouter Werner<\/strong> | 369<\/p>\n<h3>Finnish State Practice<\/h3>\n<p><strong>Virpi Laukkanen<\/strong><br \/>\nElements of Finnish State Practice in 2009\u20132010 | 377<\/p>\n<p>Ius Gentium Association | 397<\/p>\n<\/div>\n","protected":false},"excerpt":{"rendered":"<p>Symposium: The International Criminal Court and the Responsibility to Protect Pekka Niemel\u00e4 The International Criminal Court and the Responsibility to Protect: Synergies and Tensions | 1 David Chandler Born Posthumously: Rethinking the Shared Characteristics of the ICC and R2P | 5 P\u00e4ivi Kaukoranta Finnish Perspectives on the ICC and R2P | 15 Fr\u00e9d\u00e9ric M\u00e9gret ICC, &hellip; <a href=\"http:\/\/fsil.fi\/fybil\/volume-21\/\" class=\"more-link\">Continue reading<span class=\"screen-reader-text\"> &#8220;Volume 21 (2010)&#8221;<\/span><\/a><\/p>\n","protected":false},"author":3,"featured_media":0,"parent":0,"menu_order":0,"comment_status":"closed","ping_status":"closed","template":"","meta":{"footnotes":""},"class_list":["post-29","page","type-page","status-publish","hentry"],"_links":{"self":[{"href":"http:\/\/fsil.fi\/fybil\/wp-json\/wp\/v2\/pages\/29","targetHints":{"allow":["GET"]}}],"collection":[{"href":"http:\/\/fsil.fi\/fybil\/wp-json\/wp\/v2\/pages"}],"about":[{"href":"http:\/\/fsil.fi\/fybil\/wp-json\/wp\/v2\/types\/page"}],"author":[{"embeddable":true,"href":"http:\/\/fsil.fi\/fybil\/wp-json\/wp\/v2\/users\/3"}],"replies":[{"embeddable":true,"href":"http:\/\/fsil.fi\/fybil\/wp-json\/wp\/v2\/comments?post=29"}],"version-history":[{"count":0,"href":"http:\/\/fsil.fi\/fybil\/wp-json\/wp\/v2\/pages\/29\/revisions"}],"wp:attachment":[{"href":"http:\/\/fsil.fi\/fybil\/wp-json\/wp\/v2\/media?parent=29"}],"curies":[{"name":"wp","href":"https:\/\/api.w.org\/{rel}","templated":true}]}}